{"id":5851,"date":"2023-05-08T09:59:20","date_gmt":"2023-05-08T09:59:20","guid":{"rendered":"https:\/\/deltacultura.designkarussell.com\/anedotas\/"},"modified":"2023-11-15T09:49:19","modified_gmt":"2023-11-15T09:49:19","slug":"anedotas","status":"publish","type":"page","link":"https:\/\/www.deltacultura.org\/pt-pt\/anedotas\/","title":{"rendered":"Est\u00f3rias"},"content":{"rendered":"\t\t<div data-elementor-type=\"wp-page\" data-elementor-id=\"5851\" class=\"elementor elementor-5851 elementor-2238\" data-elementor-post-type=\"page\">\n\t\t\t\t\t\t<section class=\"elementor-section elementor-top-section elementor-element elementor-element-c20245f elementor-section-boxed elementor-section-height-default elementor-section-height-default\" data-id=\"c20245f\" data-element_type=\"section\">\n\t\t\t\t\t\t<div class=\"elementor-container elementor-column-gap-default\">\n\t\t\t\t\t<div class=\"elementor-column elementor-col-100 elementor-top-column elementor-element elementor-element-e5983a9\" data-id=\"e5983a9\" data-element_type=\"column\">\n\t\t\t<div class=\"elementor-widget-wrap elementor-element-populated\">\n\t\t\t\t\t\t<div class=\"elementor-element elementor-element-2aafb26 elementor-widget elementor-widget-uael-posts\" data-id=\"2aafb26\" data-element_type=\"widget\" data-settings=\"{&quot;feed_slides_to_show_tablet&quot;:2,&quot;feed_slides_to_show_mobile&quot;:1,&quot;feed_pagination_type&quot;:&quot;ajax&quot;,&quot;feed_show_filters&quot;:&quot;no&quot;}\" data-widget_type=\"uael-posts.feed\">\n\t\t\t\t<div class=\"elementor-widget-container\">\n\t\t\t\t\t\t\t<div class=\"uael-post__header\">\n\t\t\t\t\t<\/div>\n\t\t<div class=\"uael-post__body\">\n\t\t\t\n\t\t\n\t\t<div class=\"uael-post-grid uael-posts\" data-query-type=\"custom\" data-structure=\"\" data-layout=\"\" data-page=\"5851\" data-skin=\"feed\" data-filter-default=\"\" data-offset-top=\"30\" >\n\n\t\t\t\t\t\t\t<div class=\"uael-post-grid__inner uael-post__columns-1 uael-post__columns-tablet-1 uael-post__columns-mobile-1\">\n\t\t\t\n\n<div class=\"uael-post-wrapper  est\u00f3rias \">\n\n\t<div class=\"uael-post__bg-wrap\">\n\t\t\n\t\t\n\t\t<div class=\"uael-post__inner-wrap \">\n\n\t\t\t\t<div class=\"uael-post__thumbnail\">\n\t\t\t\t\t\t\t<img fetchpriority=\"high\" decoding=\"async\" width=\"2560\" height=\"1707\" src=\"https:\/\/www.deltacultura.org\/wp-content\/uploads\/2026\/01\/suely_nervositaet-scaled.jpg\" class=\"attachment-full size-full wp-image-8974\" alt=\"\" srcset=\"https:\/\/www.deltacultura.org\/wp-content\/uploads\/2026\/01\/suely_nervositaet-scaled.jpg 2560w, https:\/\/www.deltacultura.org\/wp-content\/uploads\/2026\/01\/suely_nervositaet-300x200.jpg 300w, https:\/\/www.deltacultura.org\/wp-content\/uploads\/2026\/01\/suely_nervositaet-1024x683.jpg 1024w, https:\/\/www.deltacultura.org\/wp-content\/uploads\/2026\/01\/suely_nervositaet-768x512.jpg 768w, https:\/\/www.deltacultura.org\/wp-content\/uploads\/2026\/01\/suely_nervositaet-1536x1024.jpg 1536w, https:\/\/www.deltacultura.org\/wp-content\/uploads\/2026\/01\/suely_nervositaet-2048x1365.jpg 2048w\" sizes=\"(max-width: 2560px) 100vw, 2560px\" \/>\t\t\t\t\t\t<\/div>\n\t\t\n\t\t\t\n\t\t\t<div class=\"uael-post__content-wrap\">\n\n\t\t\t<span class=\"uael-post__terms\"><span class=\"uael-listing__terms-link\">Est\u00f3rias<\/span><\/span>\t\t<h3 class=\"uael-post__title\">\n\n\t\t\t\t\tSuely e o nervosismo\t\t\t\t<\/h3>\n\t\t<div class=\"uael-post__separator\"><\/div>\n\t\t<div class=\"uael-post__excerpt\">\n\t\t\t(relato de Kutxinha \u2013 educador-educadora e treinador-treinadora de futebol) A Suely tem agora 14 anos e faz parte do Centro de Educa\u00e7\u00e3o h\u00e1 muitos anos. Gosta muito de jogar futebol e passou por todos os escal\u00f5es, come\u00e7ando no U7 e jogando com os rapazes at\u00e9 ao U13. Depois passou para as raparigas mais velhas e come\u00e7ou a treinar com mulheres adultas aos 14 anos, uma vez que n\u00e3o havia jogadoras suficientes para a equipa U17. Durante um jogo de prepara\u00e7\u00e3o para o campeonato regional, coloquei-a em campo pela primeira vez como defesa central. Estava visivelmente nervosa e inicialmente n\u00e3o queria entrar. A Suely \u00e9 uma rapariga muito calma e t\u00edmida. A Edza (16 anos), que j\u00e1 jogava como defesa central, percebeu o nervosismo da Suely e disse-lhe:\u201cSuely, n\u00e3o tenhas medo. Joga como jogas sempre e, se cometeres um erro, eu estou aqui para corrigir.\u201d As duas tornaram-se uma dupla defensiva s\u00f3lida e jogaram juntas todo o campeonato regional. Gra\u00e7as a isso, a equipa qualificou-se para o campeonato nacional, onde a Suely jogou todos os jogos do in\u00edcio ao fim, com apenas 14 anos, recebendo muitos elogios de jogadoras de outras equipas.\t\t<\/div>\n\n\t\t\t\t\t<div class=\"uael-post__meta-data\">\n\t\t\t\t\t<span class=\"uael-post__date\">\n\t\t\t\t\t\t\t\t\t\t\t\t\t<i aria-hidden=\"true\" class=\"fa fa-calendar\"><\/i>\t\t\t\t\t\t\t\t\t\n\t\t\tFevereiro 24, 2026\t\t<\/span>\n\t\t\t\t<\/div>\n\t\t\t\t\t<\/div>\n\t\t\t\n\t\t<\/div>\n\t\t\n\t<\/div>\n\n<\/div>\n\n\n<div class=\"uael-post-wrapper  est\u00f3rias \">\n\n\t<div class=\"uael-post__bg-wrap\">\n\t\t\n\t\t\n\t\t<div class=\"uael-post__inner-wrap \">\n\n\t\t\t\t<div class=\"uael-post__thumbnail\">\n\t\t\t\t\t\t\t<img decoding=\"async\" width=\"2560\" height=\"1707\" src=\"https:\/\/www.deltacultura.org\/wp-content\/uploads\/2026\/01\/ruan_anfeuerungsrufe-scaled.jpg\" class=\"attachment-full size-full wp-image-8959\" alt=\"\" srcset=\"https:\/\/www.deltacultura.org\/wp-content\/uploads\/2026\/01\/ruan_anfeuerungsrufe-scaled.jpg 2560w, https:\/\/www.deltacultura.org\/wp-content\/uploads\/2026\/01\/ruan_anfeuerungsrufe-300x200.jpg 300w, https:\/\/www.deltacultura.org\/wp-content\/uploads\/2026\/01\/ruan_anfeuerungsrufe-1024x683.jpg 1024w, https:\/\/www.deltacultura.org\/wp-content\/uploads\/2026\/01\/ruan_anfeuerungsrufe-768x512.jpg 768w, https:\/\/www.deltacultura.org\/wp-content\/uploads\/2026\/01\/ruan_anfeuerungsrufe-1536x1024.jpg 1536w, https:\/\/www.deltacultura.org\/wp-content\/uploads\/2026\/01\/ruan_anfeuerungsrufe-2048x1365.jpg 2048w\" sizes=\"(max-width: 2560px) 100vw, 2560px\" \/>\t\t\t\t\t\t<\/div>\n\t\t\n\t\t\t\n\t\t\t<div class=\"uael-post__content-wrap\">\n\n\t\t\t<span class=\"uael-post__terms\"><span class=\"uael-listing__terms-link\">Est\u00f3rias<\/span><\/span>\t\t<h3 class=\"uael-post__title\">\n\n\t\t\t\t\tRuan e as palavras de incentivo\t\t\t\t<\/h3>\n\t\t<div class=\"uael-post__separator\"><\/div>\n\t\t<div class=\"uael-post__excerpt\">\n\t\t\t(relato de Kutxinha \u2013 educador-educadora e treinador-treinadora de futebol) O Ruan (8 anos) vem da localidade vizinha de Ch\u00e3o Bom. Antes de entrar no Centro de Educa\u00e7\u00e3o, viveu em Assomada e jogava futebol num clube local. Quando se inscreveu no centro, teve de escolher qual educador seria respons\u00e1vel por ele. Escolheu-me a mim, apesar de n\u00e3o me conhecer. Quando lhe perguntei porqu\u00ea, respondeu: \u201cVi-te num jogo como treinador-treinadora. Tu incentivavas sempre os jogadores e elogiavas-os. Quero que me incentives assim tamb\u00e9m.\u201d\t\t<\/div>\n\n\t\t\t\t\t<div class=\"uael-post__meta-data\">\n\t\t\t\t\t<span class=\"uael-post__date\">\n\t\t\t\t\t\t\t\t\t\t\t\t\t<i aria-hidden=\"true\" class=\"fa fa-calendar\"><\/i>\t\t\t\t\t\t\t\t\t\n\t\t\tFevereiro 24, 2026\t\t<\/span>\n\t\t\t\t<\/div>\n\t\t\t\t\t<\/div>\n\t\t\t\n\t\t<\/div>\n\t\t\n\t<\/div>\n\n<\/div>\n\n\n<div class=\"uael-post-wrapper  est\u00f3rias \">\n\n\t<div class=\"uael-post__bg-wrap\">\n\t\t\n\t\t\n\t\t<div class=\"uael-post__inner-wrap \">\n\n\t\t\t\t<div class=\"uael-post__thumbnail\">\n\t\t\t\t\t\t\t<img decoding=\"async\" width=\"2560\" height=\"1707\" src=\"https:\/\/www.deltacultura.org\/wp-content\/uploads\/2026\/01\/adriel_weicher_bleistift-scaled.jpg\" class=\"attachment-full size-full wp-image-8929\" alt=\"\" srcset=\"https:\/\/www.deltacultura.org\/wp-content\/uploads\/2026\/01\/adriel_weicher_bleistift-scaled.jpg 2560w, https:\/\/www.deltacultura.org\/wp-content\/uploads\/2026\/01\/adriel_weicher_bleistift-300x200.jpg 300w, https:\/\/www.deltacultura.org\/wp-content\/uploads\/2026\/01\/adriel_weicher_bleistift-1024x683.jpg 1024w, https:\/\/www.deltacultura.org\/wp-content\/uploads\/2026\/01\/adriel_weicher_bleistift-768x512.jpg 768w, https:\/\/www.deltacultura.org\/wp-content\/uploads\/2026\/01\/adriel_weicher_bleistift-1536x1024.jpg 1536w, https:\/\/www.deltacultura.org\/wp-content\/uploads\/2026\/01\/adriel_weicher_bleistift-2048x1365.jpg 2048w\" sizes=\"(max-width: 2560px) 100vw, 2560px\" \/>\t\t\t\t\t\t<\/div>\n\t\t\n\t\t\t\n\t\t\t<div class=\"uael-post__content-wrap\">\n\n\t\t\t<span class=\"uael-post__terms\"><span class=\"uael-listing__terms-link\">Est\u00f3rias<\/span><\/span>\t\t<h3 class=\"uael-post__title\">\n\n\t\t\t\t\tAdriel e o l\u00e1pis mole\t\t\t\t<\/h3>\n\t\t<div class=\"uael-post__separator\"><\/div>\n\t\t<div class=\"uael-post__excerpt\">\n\t\t\t(relato de Kutxinha \u2013 educador-educadora e treinador-treinadora de futebol) O Adriel come\u00e7ou a escola este ano. Na sua primeira semana j\u00e1 tinha muitos trabalhos de casa e tinha de preencher uma p\u00e1gina inteira com diferentes linhas. Acabou por se cansar, pousou o l\u00e1pis e disse: \u201cO l\u00e1pis ficou muito mole. Tenho de esperar at\u00e9 ficar duro outra vez.\u201d\t\t<\/div>\n\n\t\t\t\t\t<div class=\"uael-post__meta-data\">\n\t\t\t\t\t<span class=\"uael-post__date\">\n\t\t\t\t\t\t\t\t\t\t\t\t\t<i aria-hidden=\"true\" class=\"fa fa-calendar\"><\/i>\t\t\t\t\t\t\t\t\t\n\t\t\tFevereiro 24, 2026\t\t<\/span>\n\t\t\t\t<\/div>\n\t\t\t\t\t<\/div>\n\t\t\t\n\t\t<\/div>\n\t\t\n\t<\/div>\n\n<\/div>\n\n\n<div class=\"uael-post-wrapper  est\u00f3rias \">\n\n\t<div class=\"uael-post__bg-wrap\">\n\t\t\n\t\t\n\t\t<div class=\"uael-post__inner-wrap \">\n\n\t\t\t\t<div class=\"uael-post__thumbnail\">\n\t\t\t\t\t\t\t<img loading=\"lazy\" decoding=\"async\" width=\"2560\" height=\"1707\" src=\"https:\/\/www.deltacultura.org\/wp-content\/uploads\/2026\/01\/Mateus_wuermer-scaled.jpg\" class=\"attachment-full size-full wp-image-8950\" alt=\"\" srcset=\"https:\/\/www.deltacultura.org\/wp-content\/uploads\/2026\/01\/Mateus_wuermer-scaled.jpg 2560w, https:\/\/www.deltacultura.org\/wp-content\/uploads\/2026\/01\/Mateus_wuermer-300x200.jpg 300w, https:\/\/www.deltacultura.org\/wp-content\/uploads\/2026\/01\/Mateus_wuermer-1024x683.jpg 1024w, https:\/\/www.deltacultura.org\/wp-content\/uploads\/2026\/01\/Mateus_wuermer-768x512.jpg 768w, https:\/\/www.deltacultura.org\/wp-content\/uploads\/2026\/01\/Mateus_wuermer-1536x1024.jpg 1536w, https:\/\/www.deltacultura.org\/wp-content\/uploads\/2026\/01\/Mateus_wuermer-2048x1365.jpg 2048w\" sizes=\"(max-width: 2560px) 100vw, 2560px\" \/>\t\t\t\t\t\t<\/div>\n\t\t\n\t\t\t\n\t\t\t<div class=\"uael-post__content-wrap\">\n\n\t\t\t<span class=\"uael-post__terms\"><span class=\"uael-listing__terms-link\">Est\u00f3rias<\/span><\/span>\t\t<h3 class=\"uael-post__title\">\n\n\t\t\t\t\tMateus e os vermes\t\t\t\t<\/h3>\n\t\t<div class=\"uael-post__separator\"><\/div>\n\t\t<div class=\"uael-post__excerpt\">\n\t\t\t(relato de Kutxinha \u2013 educador-educadora e treinador-treinadora de futebol) Numa das salas do Centro de Educa\u00e7\u00e3o est\u00e1 pintado um esqueleto humano na parede \u2014 n\u00e3o para assustar as crian\u00e7as, mas para as ajudar a aprender os nomes e a localiza\u00e7\u00e3o dos ossos. O Mateus (8 anos) observou atentamente o esqueleto e depois explicou-me:\u201cUm dia vamos todos ficar assim.\u201d \u201cPorque pensas isso?\u201d \u201cPorque todos temos de sobreviver. E os vermes tamb\u00e9m precisam de comer.\u201d\t\t<\/div>\n\n\t\t\t\t\t<div class=\"uael-post__meta-data\">\n\t\t\t\t\t<span class=\"uael-post__date\">\n\t\t\t\t\t\t\t\t\t\t\t\t\t<i aria-hidden=\"true\" class=\"fa fa-calendar\"><\/i>\t\t\t\t\t\t\t\t\t\n\t\t\tFevereiro 24, 2026\t\t<\/span>\n\t\t\t\t<\/div>\n\t\t\t\t\t<\/div>\n\t\t\t\n\t\t<\/div>\n\t\t\n\t<\/div>\n\n<\/div>\n\n\n<div class=\"uael-post-wrapper  est\u00f3rias \">\n\n\t<div class=\"uael-post__bg-wrap\">\n\t\t\n\t\t\n\t\t<div class=\"uael-post__inner-wrap \">\n\n\t\t\t\t<div class=\"uael-post__thumbnail\">\n\t\t\t\t\t\t\t<img loading=\"lazy\" decoding=\"async\" width=\"2560\" height=\"1707\" src=\"https:\/\/www.deltacultura.org\/wp-content\/uploads\/2026\/01\/streitbare_freundschaft-scaled.jpg\" class=\"attachment-full size-full wp-image-8971\" alt=\"\" srcset=\"https:\/\/www.deltacultura.org\/wp-content\/uploads\/2026\/01\/streitbare_freundschaft-scaled.jpg 2560w, https:\/\/www.deltacultura.org\/wp-content\/uploads\/2026\/01\/streitbare_freundschaft-300x200.jpg 300w, https:\/\/www.deltacultura.org\/wp-content\/uploads\/2026\/01\/streitbare_freundschaft-1024x683.jpg 1024w, https:\/\/www.deltacultura.org\/wp-content\/uploads\/2026\/01\/streitbare_freundschaft-768x512.jpg 768w, https:\/\/www.deltacultura.org\/wp-content\/uploads\/2026\/01\/streitbare_freundschaft-1536x1024.jpg 1536w, https:\/\/www.deltacultura.org\/wp-content\/uploads\/2026\/01\/streitbare_freundschaft-2048x1365.jpg 2048w\" sizes=\"(max-width: 2560px) 100vw, 2560px\" \/>\t\t\t\t\t\t<\/div>\n\t\t\n\t\t\t\n\t\t\t<div class=\"uael-post__content-wrap\">\n\n\t\t\t<span class=\"uael-post__terms\"><span class=\"uael-listing__terms-link\">Est\u00f3rias<\/span><\/span>\t\t<h3 class=\"uael-post__title\">\n\n\t\t\t\t\tUma amizade cheia de conflitos\t\t\t\t<\/h3>\n\t\t<div class=\"uael-post__separator\"><\/div>\n\t\t<div class=\"uael-post__excerpt\">\n\t\t\t(relato de Samir \u2013 educador) Todas as manh\u00e3s, a Taissa, a Neimara, a Nimara e a Gissara (todas com 9 anos) chegam juntas ao Centro de Educa\u00e7\u00e3o. S\u00e3o melhores amigas e passam todo o tempo juntas no centro. A Taissa \u00e9 a mais pequena e carinhosa; adora abra\u00e7os e cuida sempre das outras.A Neimara \u00e9 a mais faladora, cheia de energia e sempre pronta para aventuras.A Nimara \u00e9 muito possessiva e quer que tudo seja \u00e0 sua maneira, sobretudo nas brincadeiras.A Gissara \u00e9 a mais doce e conquista todos com o seu jeito carinhoso e alegre. Ao longo do dia surgem pequenos conflitos \u2014 discuss\u00f5es, por vezes l\u00e1grimas. No entanto, quando o centro fecha, abra\u00e7am-se e caminham juntas para casa, sem qualquer sinal de conflito. No dia seguinte, tudo come\u00e7a de novo.\t\t<\/div>\n\n\t\t\t\t\t<div class=\"uael-post__meta-data\">\n\t\t\t\t\t<span class=\"uael-post__date\">\n\t\t\t\t\t\t\t\t\t\t\t\t\t<i aria-hidden=\"true\" class=\"fa fa-calendar\"><\/i>\t\t\t\t\t\t\t\t\t\n\t\t\tFevereiro 24, 2026\t\t<\/span>\n\t\t\t\t<\/div>\n\t\t\t\t\t<\/div>\n\t\t\t\n\t\t<\/div>\n\t\t\n\t<\/div>\n\n<\/div>\n\n\n<div class=\"uael-post-wrapper  est\u00f3rias \">\n\n\t<div class=\"uael-post__bg-wrap\">\n\t\t\n\t\t\n\t\t<div class=\"uael-post__inner-wrap \">\n\n\t\t\t\t<div class=\"uael-post__thumbnail\">\n\t\t\t\t\t\t\t<img loading=\"lazy\" decoding=\"async\" width=\"2560\" height=\"1707\" src=\"https:\/\/www.deltacultura.org\/wp-content\/uploads\/2026\/01\/Gisele_Luana_muetter-scaled.jpg\" class=\"attachment-full size-full wp-image-8941\" alt=\"\" srcset=\"https:\/\/www.deltacultura.org\/wp-content\/uploads\/2026\/01\/Gisele_Luana_muetter-scaled.jpg 2560w, https:\/\/www.deltacultura.org\/wp-content\/uploads\/2026\/01\/Gisele_Luana_muetter-300x200.jpg 300w, https:\/\/www.deltacultura.org\/wp-content\/uploads\/2026\/01\/Gisele_Luana_muetter-1024x683.jpg 1024w, https:\/\/www.deltacultura.org\/wp-content\/uploads\/2026\/01\/Gisele_Luana_muetter-768x512.jpg 768w, https:\/\/www.deltacultura.org\/wp-content\/uploads\/2026\/01\/Gisele_Luana_muetter-1536x1024.jpg 1536w, https:\/\/www.deltacultura.org\/wp-content\/uploads\/2026\/01\/Gisele_Luana_muetter-2048x1365.jpg 2048w\" sizes=\"(max-width: 2560px) 100vw, 2560px\" \/>\t\t\t\t\t\t<\/div>\n\t\t\n\t\t\t\n\t\t\t<div class=\"uael-post__content-wrap\">\n\n\t\t\t<span class=\"uael-post__terms\"><span class=\"uael-listing__terms-link\">Est\u00f3rias<\/span><\/span>\t\t<h3 class=\"uael-post__title\">\n\n\t\t\t\t\tGisele, Luana e as suas m\u00e3es\t\t\t\t<\/h3>\n\t\t<div class=\"uael-post__separator\"><\/div>\n\t\t<div class=\"uael-post__excerpt\">\n\t\t\t(relato de Jassica \u2013 educadora do jardim de inf\u00e2ncia) A Gisele e a Luana estavam sentadas lado a lado no jardim de inf\u00e2ncia, a conversar enquanto desenhavam. Ambas tinham perdido as suas m\u00e3es. A Gisele explicou \u00e0 Luana:\u201cEu tenho tr\u00eas m\u00e3es. Uma delas j\u00e1 est\u00e1 no c\u00e9u.\u201d A Luana pensou um pouco e respondeu:\u201cA minha m\u00e3e tamb\u00e9m est\u00e1 no c\u00e9u. Mas \u00e0 noite eu vejo-a sempre. Ela \u00e9 a estrela mais brilhante do c\u00e9u.\u201d\t\t<\/div>\n\n\t\t\t\t\t<div class=\"uael-post__meta-data\">\n\t\t\t\t\t<span class=\"uael-post__date\">\n\t\t\t\t\t\t\t\t\t\t\t\t\t<i aria-hidden=\"true\" class=\"fa fa-calendar\"><\/i>\t\t\t\t\t\t\t\t\t\n\t\t\tFevereiro 24, 2026\t\t<\/span>\n\t\t\t\t<\/div>\n\t\t\t\t\t<\/div>\n\t\t\t\n\t\t<\/div>\n\t\t\n\t<\/div>\n\n<\/div>\n\t\t\t\t<\/div>\n\t\t\t\t\t\t\n\t\t<\/div>\n\n\t\t\t\t\t\t<\/div>\n\t\t<div class=\"uael-post__footer\">\n\t\t\t\t\t\t<nav class=\"uael-grid-pagination\"  role=\"navigation\" aria-label=\"Pagina\u00e7\u00e3o\" data-total=\"5\" data-next-page=\"2\">\n\t\t\t\t<span aria-current=\"page\" class=\"page-numbers current\">1<\/span>\n<a class=\"page-numbers\" href=\"https:\/\/www.deltacultura.org\/pt-pt\/wp-json\/wp\/v2\/pages\/5851\/page\/2\/\">2<\/a>\n<a class=\"page-numbers\" href=\"https:\/\/www.deltacultura.org\/pt-pt\/wp-json\/wp\/v2\/pages\/5851\/page\/3\/\">3<\/a>\n<span class=\"page-numbers dots\">&hellip;<\/span>\n<a class=\"page-numbers\" href=\"https:\/\/www.deltacultura.org\/pt-pt\/wp-json\/wp\/v2\/pages\/5851\/page\/5\/\">5<\/a>\n<a class=\"next page-numbers\" href=\"https:\/\/www.deltacultura.org\/pt-pt\/wp-json\/wp\/v2\/pages\/5851\/page\/2\/\">Seguinte &raquo;<\/a>\n\t\t\t<\/nav>\n\n\t\t\t\t\t<\/div>\n\t\t\t\t\t\t<\/div>\n\t\t\t\t<\/div>\n\t\t\t\t\t<\/div>\n\t\t<\/div>\n\t\t\t\t\t<\/div>\n\t\t<\/section>\n\t\t\t\t<\/div>\n\t\t","protected":false},"excerpt":{"rendered":"<p>Anedotas Adeus a Nhu Preto Jo\u00e3o J\u00fanior Cardoso de Pina, mais conhecido como Nhu Preto, entrou no Centro de Educa\u00e7\u00e3o aos 9 anos e s\u00f3 saiu quando terminou o ensino secund\u00e1rio, aos 18 anos. Sempre foi um dos melhores jogadores de futebol em cada escal\u00e3o que passou. Em 2022 conseguiu um visto para Portugal. Na [&hellip;]<\/p>\n","protected":false},"author":1,"featured_media":4920,"parent":0,"menu_order":0,"comment_status":"closed","ping_status":"closed","template":"","meta":{"inline_featured_image":false,"footnotes":""},"class_list":["post-5851","page","type-page","status-publish","has-post-thumbnail","hentry"],"yoast_head":"<!-- This site is optimized with the Yoast SEO plugin v26.7 - https:\/\/yoast.com\/wordpress\/plugins\/seo\/ -->\n<title>Est\u00f3rias - Elimina pobreza atrav\u00e9s da Educa\u00e7\u00e3o<\/title>\n<meta name=\"robots\" content=\"index, follow, max-snippet:-1, max-image-preview:large, max-video-preview:-1\" \/>\n<link rel=\"canonical\" href=\"https:\/\/www.deltacultura.org\/pt-pt\/anedotas\/\" \/>\n<meta property=\"og:locale\" content=\"pt_PT\" \/>\n<meta property=\"og:type\" content=\"article\" \/>\n<meta property=\"og:title\" content=\"Est\u00f3rias - Elimina pobreza atrav\u00e9s da Educa\u00e7\u00e3o\" \/>\n<meta property=\"og:description\" content=\"Anedotas Adeus a Nhu Preto Jo\u00e3o J\u00fanior Cardoso de Pina, mais conhecido como Nhu Preto, entrou no Centro de Educa\u00e7\u00e3o aos 9 anos e s\u00f3 saiu quando terminou o ensino secund\u00e1rio, aos 18 anos. Sempre foi um dos melhores jogadores de futebol em cada escal\u00e3o que passou. Em 2022 conseguiu um visto para Portugal. Na [&hellip;]\" \/>\n<meta property=\"og:url\" content=\"https:\/\/www.deltacultura.org\/pt-pt\/anedotas\/\" \/>\n<meta property=\"og:site_name\" content=\"Elimina pobreza atrav\u00e9s da Educa\u00e7\u00e3o\" \/>\n<meta property=\"article:publisher\" content=\"https:\/\/www.facebook.com\/deltacultura\" \/>\n<meta property=\"article:modified_time\" content=\"2023-11-15T09:49:19+00:00\" \/>\n<meta property=\"og:image\" content=\"https:\/\/www.deltacultura.org\/wp-content\/uploads\/2023\/07\/vision-mission-1.jpg\" \/>\n\t<meta property=\"og:image:width\" content=\"1920\" \/>\n\t<meta property=\"og:image:height\" content=\"1280\" \/>\n\t<meta property=\"og:image:type\" content=\"image\/jpeg\" \/>\n<meta name=\"twitter:card\" content=\"summary_large_image\" \/>\n<meta name=\"twitter:site\" content=\"@deltacultura\" \/>\n<meta name=\"twitter:label1\" content=\"Tempo estimado de leitura\" \/>\n\t<meta name=\"twitter:data1\" content=\"4 minutos\" \/>\n<script type=\"application\/ld+json\" class=\"yoast-schema-graph\">{\"@context\":\"https:\/\/schema.org\",\"@graph\":[{\"@type\":\"WebPage\",\"@id\":\"https:\/\/www.deltacultura.org\/pt-pt\/anedotas\/\",\"url\":\"https:\/\/www.deltacultura.org\/pt-pt\/anedotas\/\",\"name\":\"Est\u00f3rias - Elimina pobreza atrav\u00e9s da Educa\u00e7\u00e3o\",\"isPartOf\":{\"@id\":\"https:\/\/www.deltacultura.org\/pt-pt\/#website\"},\"primaryImageOfPage\":{\"@id\":\"https:\/\/www.deltacultura.org\/pt-pt\/anedotas\/#primaryimage\"},\"image\":{\"@id\":\"https:\/\/www.deltacultura.org\/pt-pt\/anedotas\/#primaryimage\"},\"thumbnailUrl\":\"https:\/\/www.deltacultura.org\/wp-content\/uploads\/2023\/07\/vision-mission-1.jpg\",\"datePublished\":\"2023-05-08T09:59:20+00:00\",\"dateModified\":\"2023-11-15T09:49:19+00:00\",\"breadcrumb\":{\"@id\":\"https:\/\/www.deltacultura.org\/pt-pt\/anedotas\/#breadcrumb\"},\"inLanguage\":\"pt-PT\",\"potentialAction\":[{\"@type\":\"ReadAction\",\"target\":[\"https:\/\/www.deltacultura.org\/pt-pt\/anedotas\/\"]}]},{\"@type\":\"ImageObject\",\"inLanguage\":\"pt-PT\",\"@id\":\"https:\/\/www.deltacultura.org\/pt-pt\/anedotas\/#primaryimage\",\"url\":\"https:\/\/www.deltacultura.org\/wp-content\/uploads\/2023\/07\/vision-mission-1.jpg\",\"contentUrl\":\"https:\/\/www.deltacultura.org\/wp-content\/uploads\/2023\/07\/vision-mission-1.jpg\",\"width\":1920,\"height\":1280},{\"@type\":\"BreadcrumbList\",\"@id\":\"https:\/\/www.deltacultura.org\/pt-pt\/anedotas\/#breadcrumb\",\"itemListElement\":[{\"@type\":\"ListItem\",\"position\":1,\"name\":\"Startseite\",\"item\":\"https:\/\/www.deltacultura.org\/pt-pt\/\"},{\"@type\":\"ListItem\",\"position\":2,\"name\":\"Est\u00f3rias\"}]},{\"@type\":\"WebSite\",\"@id\":\"https:\/\/www.deltacultura.org\/pt-pt\/#website\",\"url\":\"https:\/\/www.deltacultura.org\/pt-pt\/\",\"name\":\"Delta Cultura\",\"description\":\"\",\"publisher\":{\"@id\":\"https:\/\/www.deltacultura.org\/pt-pt\/#organization\"},\"potentialAction\":[{\"@type\":\"SearchAction\",\"target\":{\"@type\":\"EntryPoint\",\"urlTemplate\":\"https:\/\/www.deltacultura.org\/pt-pt\/?s={search_term_string}\"},\"query-input\":{\"@type\":\"PropertyValueSpecification\",\"valueRequired\":true,\"valueName\":\"search_term_string\"}}],\"inLanguage\":\"pt-PT\"},{\"@type\":\"Organization\",\"@id\":\"https:\/\/www.deltacultura.org\/pt-pt\/#organization\",\"name\":\"Delta Cultura\",\"url\":\"https:\/\/www.deltacultura.org\/pt-pt\/\",\"logo\":{\"@type\":\"ImageObject\",\"inLanguage\":\"pt-PT\",\"@id\":\"https:\/\/www.deltacultura.org\/pt-pt\/#\/schema\/logo\/image\/\",\"url\":\"https:\/\/www.deltacultura.org\/wp-content\/uploads\/2023\/11\/Blanco_DeltaCultura.png\",\"contentUrl\":\"https:\/\/www.deltacultura.org\/wp-content\/uploads\/2023\/11\/Blanco_DeltaCultura.png\",\"width\":487,\"height\":160,\"caption\":\"Delta Cultura\"},\"image\":{\"@id\":\"https:\/\/www.deltacultura.org\/pt-pt\/#\/schema\/logo\/image\/\"},\"sameAs\":[\"https:\/\/www.facebook.com\/deltacultura\",\"https:\/\/x.com\/deltacultura\",\"https:\/\/www.instagram.com\/deltacultura\/\",\"https:\/\/www.youtube.com\/channel\/UC4_XsNAaqBgn3R_31jXuwvQ\"]}]}<\/script>\n<!-- \/ Yoast SEO plugin. -->","yoast_head_json":{"title":"Est\u00f3rias - Elimina pobreza atrav\u00e9s da Educa\u00e7\u00e3o","robots":{"index":"index","follow":"follow","max-snippet":"max-snippet:-1","max-image-preview":"max-image-preview:large","max-video-preview":"max-video-preview:-1"},"canonical":"https:\/\/www.deltacultura.org\/pt-pt\/anedotas\/","og_locale":"pt_PT","og_type":"article","og_title":"Est\u00f3rias - Elimina pobreza atrav\u00e9s da Educa\u00e7\u00e3o","og_description":"Anedotas Adeus a Nhu Preto Jo\u00e3o J\u00fanior Cardoso de Pina, mais conhecido como Nhu Preto, entrou no Centro de Educa\u00e7\u00e3o aos 9 anos e s\u00f3 saiu quando terminou o ensino secund\u00e1rio, aos 18 anos. Sempre foi um dos melhores jogadores de futebol em cada escal\u00e3o que passou. Em 2022 conseguiu um visto para Portugal. Na [&hellip;]","og_url":"https:\/\/www.deltacultura.org\/pt-pt\/anedotas\/","og_site_name":"Elimina pobreza atrav\u00e9s da Educa\u00e7\u00e3o","article_publisher":"https:\/\/www.facebook.com\/deltacultura","article_modified_time":"2023-11-15T09:49:19+00:00","og_image":[{"width":1920,"height":1280,"url":"https:\/\/www.deltacultura.org\/wp-content\/uploads\/2023\/07\/vision-mission-1.jpg","type":"image\/jpeg"}],"twitter_card":"summary_large_image","twitter_site":"@deltacultura","twitter_misc":{"Tempo estimado de leitura":"4 minutos"},"schema":{"@context":"https:\/\/schema.org","@graph":[{"@type":"WebPage","@id":"https:\/\/www.deltacultura.org\/pt-pt\/anedotas\/","url":"https:\/\/www.deltacultura.org\/pt-pt\/anedotas\/","name":"Est\u00f3rias - Elimina pobreza atrav\u00e9s da Educa\u00e7\u00e3o","isPartOf":{"@id":"https:\/\/www.deltacultura.org\/pt-pt\/#website"},"primaryImageOfPage":{"@id":"https:\/\/www.deltacultura.org\/pt-pt\/anedotas\/#primaryimage"},"image":{"@id":"https:\/\/www.deltacultura.org\/pt-pt\/anedotas\/#primaryimage"},"thumbnailUrl":"https:\/\/www.deltacultura.org\/wp-content\/uploads\/2023\/07\/vision-mission-1.jpg","datePublished":"2023-05-08T09:59:20+00:00","dateModified":"2023-11-15T09:49:19+00:00","breadcrumb":{"@id":"https:\/\/www.deltacultura.org\/pt-pt\/anedotas\/#breadcrumb"},"inLanguage":"pt-PT","potentialAction":[{"@type":"ReadAction","target":["https:\/\/www.deltacultura.org\/pt-pt\/anedotas\/"]}]},{"@type":"ImageObject","inLanguage":"pt-PT","@id":"https:\/\/www.deltacultura.org\/pt-pt\/anedotas\/#primaryimage","url":"https:\/\/www.deltacultura.org\/wp-content\/uploads\/2023\/07\/vision-mission-1.jpg","contentUrl":"https:\/\/www.deltacultura.org\/wp-content\/uploads\/2023\/07\/vision-mission-1.jpg","width":1920,"height":1280},{"@type":"BreadcrumbList","@id":"https:\/\/www.deltacultura.org\/pt-pt\/anedotas\/#breadcrumb","itemListElement":[{"@type":"ListItem","position":1,"name":"Startseite","item":"https:\/\/www.deltacultura.org\/pt-pt\/"},{"@type":"ListItem","position":2,"name":"Est\u00f3rias"}]},{"@type":"WebSite","@id":"https:\/\/www.deltacultura.org\/pt-pt\/#website","url":"https:\/\/www.deltacultura.org\/pt-pt\/","name":"Delta Cultura","description":"","publisher":{"@id":"https:\/\/www.deltacultura.org\/pt-pt\/#organization"},"potentialAction":[{"@type":"SearchAction","target":{"@type":"EntryPoint","urlTemplate":"https:\/\/www.deltacultura.org\/pt-pt\/?s={search_term_string}"},"query-input":{"@type":"PropertyValueSpecification","valueRequired":true,"valueName":"search_term_string"}}],"inLanguage":"pt-PT"},{"@type":"Organization","@id":"https:\/\/www.deltacultura.org\/pt-pt\/#organization","name":"Delta Cultura","url":"https:\/\/www.deltacultura.org\/pt-pt\/","logo":{"@type":"ImageObject","inLanguage":"pt-PT","@id":"https:\/\/www.deltacultura.org\/pt-pt\/#\/schema\/logo\/image\/","url":"https:\/\/www.deltacultura.org\/wp-content\/uploads\/2023\/11\/Blanco_DeltaCultura.png","contentUrl":"https:\/\/www.deltacultura.org\/wp-content\/uploads\/2023\/11\/Blanco_DeltaCultura.png","width":487,"height":160,"caption":"Delta Cultura"},"image":{"@id":"https:\/\/www.deltacultura.org\/pt-pt\/#\/schema\/logo\/image\/"},"sameAs":["https:\/\/www.facebook.com\/deltacultura","https:\/\/x.com\/deltacultura","https:\/\/www.instagram.com\/deltacultura\/","https:\/\/www.youtube.com\/channel\/UC4_XsNAaqBgn3R_31jXuwvQ"]}]}},"_links":{"self":[{"href":"https:\/\/www.deltacultura.org\/pt-pt\/wp-json\/wp\/v2\/pages\/5851","targetHints":{"allow":["GET"]}}],"collection":[{"href":"https:\/\/www.deltacultura.org\/pt-pt\/wp-json\/wp\/v2\/pages"}],"about":[{"href":"https:\/\/www.deltacultura.org\/pt-pt\/wp-json\/wp\/v2\/types\/page"}],"author":[{"embeddable":true,"href":"https:\/\/www.deltacultura.org\/pt-pt\/wp-json\/wp\/v2\/users\/1"}],"replies":[{"embeddable":true,"href":"https:\/\/www.deltacultura.org\/pt-pt\/wp-json\/wp\/v2\/comments?post=5851"}],"version-history":[{"count":0,"href":"https:\/\/www.deltacultura.org\/pt-pt\/wp-json\/wp\/v2\/pages\/5851\/revisions"}],"wp:featuredmedia":[{"embeddable":true,"href":"https:\/\/www.deltacultura.org\/pt-pt\/wp-json\/wp\/v2\/media\/4920"}],"wp:attachment":[{"href":"https:\/\/www.deltacultura.org\/pt-pt\/wp-json\/wp\/v2\/media?parent=5851"}],"curies":[{"name":"wp","href":"https:\/\/api.w.org\/{rel}","templated":true}]}}